{"id":8553,"date":"2023-05-29T16:01:20","date_gmt":"2023-05-29T15:01:20","guid":{"rendered":"https:\/\/www.storlann.co.uk\/an-t-alltan\/dachaigh-copy\/"},"modified":"2024-04-26T14:57:28","modified_gmt":"2024-04-26T13:57:28","slug":"bun-sgoil-ard-sgoil","status":"publish","type":"page","link":"https:\/\/www.storlann.co.uk\/an-t-alltan\/bun-sgoil-ard-sgoil\/","title":{"rendered":"Bun-sgoil &#038; \u00c0rd-sgoil"},"content":{"rendered":"<!--themify_builder_content-->\n<div id=\"themify_builder_content-8553\" data-postid=\"8553\" class=\"themify_builder_content themify_builder_content-8553 themify_builder tf_clear\">\n                    <div  data-lazy=\"1\" class=\"module_row themify_builder_row tb_iwfp830 tb_first tf_w\">\n                        <div class=\"row_inner col_align_top tb_col_count_1 tf_box tf_rel\">\n                        <div  data-lazy=\"1\" class=\"module_column tb-column col-full tb_t0jc911 first\">\n                    <!-- module text -->\n<div  class=\"module module-text tb_wu7z139   \" data-lazy=\"1\">\n        <div  class=\"tb_text_wrap\">\n        <h1>Tachartasan Be\u00f2<\/h1>\n<h2>Bun-sgoil &amp; \u00c0rd-sgoil<\/h2>    <\/div>\n<\/div>\n<!-- \/module text -->        <\/div>\n                        <\/div>\n        <\/div>\n                        <div  data-anchor=\"bun-sg-ard-sg\" id=\"bun-sg-ard-sg\" data-lazy=\"1\" class=\"module_row themify_builder_row tb_has_section tb_section-bun-sg-ard-sg tb_jy5d099 tf_w\">\n                        <div class=\"row_inner col_align_top tb_col_count_1 tf_box tf_rel\">\n                        <div  data-lazy=\"1\" class=\"module_column tb-column col-full tb_s97n005 first\">\n                    <!-- module buttons -->\n<div  class=\"module module-buttons tb_xg7f55 buttons-horizontal solid  \" data-lazy=\"1\">\n        <div class=\"module-buttons-item tf_in_flx\">\n                        <a href=\"https:\/\/vimeo.com\/showcase\/7865054\" class=\"ui builder_button tf_in_flx purple\" target=\"_blank\" rel=\"noopener\">\n                                    <em><svg  class=\"tf_fa tf-fas-video\" xmlns:xlink=\"http:\/\/www.w3.org\/1999\/xlink\" aria-hidden=\"true\"><use href=\"#tf-fas-video\" xlink:href=\"#tf-fas-video\"><\/use><\/svg><\/em>                                        An t-Alltan - Bhidiothan (Vimeo)                                        <\/a>\n                <\/div>\n            <\/div>\n<!-- \/module buttons -->\n        <\/div>\n                        <\/div>\n        <\/div>\n                        <div  data-lazy=\"1\" class=\"module_row themify_builder_row tb_11k0906 tf_w\">\n                        <div class=\"row_inner col_align_top tb_col_count_1 tf_box tf_rel\">\n                        <div  data-lazy=\"1\" class=\"module_column tb-column col-full tb_wrlw508 first\">\n                            <div  data-lazy=\"1\" class=\"module_subrow themify_builder_sub_row tf_w col_align_top tb_col_count_1 tb_pyx8033\">\n                <div  data-lazy=\"1\" class=\"module_column sub_column col-full tb_8v36995 first\">\n                    <!-- module text -->\n<div  class=\"module module-text tb_w6ax903   \" data-lazy=\"1\">\n        <div  class=\"tb_text_wrap\">\n        <h2>Dearbhadh C\u00e0ileachd agus Tragadh<\/h2>\n<h3>Marina NicLe\u00f2id<\/h3>    <\/div>\n<\/div>\n<!-- \/module text -->        <\/div>\n                    <\/div>\n                <div  data-lazy=\"1\" class=\"module_subrow themify_builder_sub_row tf_w col_align_top tb_col_count_3 tb_t82n002\">\n                <div  data-lazy=\"1\" class=\"module_column sub_column col3-1 tb_1s7h220 first\">\n                    <!-- module image -->\n<div  class=\"module module-image tb_mru9559 image-center   tf_mw\" data-lazy=\"1\">\n        <div class=\"image-wrap tf_rel tf_mw\">\n            <img decoding=\"async\" data-src=\"https:\/\/www.storlann.co.uk\/an-t-alltan\/wp-content\/uploads\/2024\/03\/MARINA-MACLEOD1-150x180.png\" width=\"150\" height=\"180\" class=\"wp-post-image wp-image-9010 lazyload\" title=\"MARINA MACLEOD1\" alt=\"Marina MacLeod\" data-srcset=\"https:\/\/www.storlann.co.uk\/an-t-alltan\/wp-content\/uploads\/2024\/03\/MARINA-MACLEOD1-150x180.png 150w, https:\/\/www.storlann.co.uk\/an-t-alltan\/wp-content\/uploads\/2024\/03\/MARINA-MACLEOD1-250x300.png 250w, https:\/\/www.storlann.co.uk\/an-t-alltan\/wp-content\/uploads\/2024\/03\/MARINA-MACLEOD1.png 600w\" data-sizes=\"(max-width: 150px) 100vw, 150px\" src=\"data:image\/svg+xml;base64,PHN2ZyB3aWR0aD0iMSIgaGVpZ2h0PSIxIiB4bWxucz0iaHR0cDovL3d3dy53My5vcmcvMjAwMC9zdmciPjwvc3ZnPg==\" style=\"--smush-placeholder-width: 150px; --smush-placeholder-aspect-ratio: 150\/180;\" \/>    \n        <\/div>\n    <!-- \/image-wrap -->\n    \n        <\/div>\n<!-- \/module image -->        <\/div>\n                    <div  data-lazy=\"1\" class=\"module_column sub_column col3-1 tb_c7kz000\">\n                    <!-- module text -->\n<div  class=\"module module-text tb_5jeq323   \" data-lazy=\"1\">\n        <div  class=\"tb_text_wrap\">\n        <h2>Tachartas Bhiortail (<span lang=\"gd\">Cl\u00e0raichte)<\/span><\/h2>\n<p><strong><span style=\"color: #ffffff;\">Amas an t-seisein<\/span><\/strong><br \/>\n<span style=\"color: #ffffff;\">M\u00f2r-sheallladh a thoirt air mar a bhios sinn a&#8217; tragadh teagasg agus ionnsachadh anns an sgoil againn.<\/span><\/p>\n    <\/div>\n<\/div>\n<!-- \/module text -->        <\/div>\n                    <div  data-lazy=\"1\" class=\"module_column sub_column col3-1 tb_dgmj030 last\">\n                    <!-- module buttons -->\n<div  class=\"module module-buttons tb_ooid602 buttons-horizontal solid  large buttons-fullwidth\" data-lazy=\"1\">\n        <div class=\"module-buttons-item tf_in_flx\">\n                        <a href=\"https:\/\/vimeo.com\/939517350?share=copy\" class=\"ui builder_button tf_in_flx light-blue\" target=\"_blank\" rel=\"noopener\">\n                                    <em><svg  class=\"tf_fa tf-fas-chalkboard-teacher\" xmlns:xlink=\"http:\/\/www.w3.org\/1999\/xlink\" aria-hidden=\"true\"><use href=\"#tf-fas-chalkboard-teacher\" xlink:href=\"#tf-fas-chalkboard-teacher\"><\/use><\/svg><\/em>                                        Bhidio                                        <\/a>\n                <\/div>\n            <\/div>\n<!-- \/module buttons -->\n<!-- module buttons -->\n<div  class=\"module module-buttons tb_awpu134 buttons-horizontal solid  large buttons-fullwidth\" data-lazy=\"1\">\n        <div class=\"module-buttons-item tf_in_flx\">\n                        <a href=\"https:\/\/form.jotform.com\/210183551693960\" class=\"ui builder_button tf_in_flx pink\" target=\"_blank\" rel=\"noopener\">\n                                    <em><svg  class=\"tf_fa tf-fab-wpforms\" xmlns:xlink=\"http:\/\/www.w3.org\/1999\/xlink\" aria-hidden=\"true\"><use href=\"#tf-fab-wpforms\" xlink:href=\"#tf-fab-wpforms\"><\/use><\/svg><\/em>                                        Measadh                                        <\/a>\n                <\/div>\n            <\/div>\n<!-- \/module buttons -->\n<!-- module image -->\n<div  class=\"module module-image tb_17zt997 image-top   tf_mw\" data-lazy=\"1\">\n        <div class=\"image-wrap tf_rel tf_mw\">\n            <img decoding=\"async\" data-src=\"https:\/\/www.storlann.co.uk\/an-t-alltan\/wp-content\/uploads\/2021\/04\/ur.svg\" width=\"100\" title=\"Bun-sgoil &#038; \u00c0rd-sgoil\" alt=\"Bun-sgoil &#038; \u00c0rd-sgoil\" src=\"data:image\/svg+xml;base64,PHN2ZyB3aWR0aD0iMSIgaGVpZ2h0PSIxIiB4bWxucz0iaHR0cDovL3d3dy53My5vcmcvMjAwMC9zdmciPjwvc3ZnPg==\" class=\"lazyload\">    \n        <\/div>\n    <!-- \/image-wrap -->\n    \n        <\/div>\n<!-- \/module image -->        <\/div>\n                    <\/div>\n                <\/div>\n                        <\/div>\n        <\/div>\n                        <div  data-lazy=\"1\" class=\"module_row themify_builder_row tb_ruuo967 tf_w\">\n                        <div class=\"row_inner col_align_top tb_col_count_1 tf_box tf_rel\">\n                        <div  data-lazy=\"1\" class=\"module_column tb-column col-full tb_o1em967 first\">\n                            <div  data-lazy=\"1\" class=\"module_subrow themify_builder_sub_row tf_w col_align_top tb_col_count_1 tb_vc2w967\">\n                <div  data-lazy=\"1\" class=\"module_column sub_column col-full tb_nlh8967 first\">\n                    <!-- module text -->\n<div  class=\"module module-text tb_jxu3967   \" data-lazy=\"1\">\n        <div  class=\"tb_text_wrap\">\n        <h2>Mothachas<\/h2>\n<h3>Lorna Nic an t-Sagairt<\/h3>    <\/div>\n<\/div>\n<!-- \/module text -->        <\/div>\n                    <\/div>\n                <div  data-lazy=\"1\" class=\"module_subrow themify_builder_sub_row tf_w col_align_top tb_col_count_3 tb_oor5967\">\n                <div  data-lazy=\"1\" class=\"module_column sub_column col3-1 tb_2wfy967 first\">\n                    <!-- module image -->\n<div  class=\"module module-image tb_0r2s967 image-center   tf_mw\" data-lazy=\"1\">\n        <div class=\"image-wrap tf_rel tf_mw\">\n            <img decoding=\"async\" data-src=\"https:\/\/www.storlann.co.uk\/an-t-alltan\/wp-content\/uploads\/2020\/12\/lorna-taggart-2-150x179.jpg\" width=\"150\" height=\"179\" class=\"wp-post-image wp-image-7807 lazyload\" title=\"lorna-taggart-2\" alt=\"Lorna Taggart\" data-srcset=\"https:\/\/www.storlann.co.uk\/an-t-alltan\/wp-content\/uploads\/2020\/12\/lorna-taggart-2-150x179.jpg 150w, https:\/\/www.storlann.co.uk\/an-t-alltan\/wp-content\/uploads\/2020\/12\/lorna-taggart-2-100x119.jpg 100w, https:\/\/www.storlann.co.uk\/an-t-alltan\/wp-content\/uploads\/2020\/12\/lorna-taggart-2.jpg 163w\" data-sizes=\"(max-width: 150px) 100vw, 150px\" src=\"data:image\/svg+xml;base64,PHN2ZyB3aWR0aD0iMSIgaGVpZ2h0PSIxIiB4bWxucz0iaHR0cDovL3d3dy53My5vcmcvMjAwMC9zdmciPjwvc3ZnPg==\" style=\"--smush-placeholder-width: 150px; --smush-placeholder-aspect-ratio: 150\/179;\" \/>    \n        <\/div>\n    <!-- \/image-wrap -->\n    \n        <\/div>\n<!-- \/module image -->        <\/div>\n                    <div  data-lazy=\"1\" class=\"module_column sub_column col3-1 tb_n1eu967\">\n                    <!-- module text -->\n<div  class=\"module module-text tb_3c23967   \" data-lazy=\"1\">\n        <div  class=\"tb_text_wrap\">\n        <h2>Tachartas Bhiortail (<span lang=\"gd\">Cl\u00e0raichte)<\/span><\/h2>    <\/div>\n<\/div>\n<!-- \/module text --><!-- module text -->\n<div  class=\"module module-text tb_iz5j967   \" data-lazy=\"1\">\n        <div  class=\"tb_text_wrap\">\n        <ul>\n<li>Mothachas anns a&#8217; chlas<\/li>\n<li>Eacarsaichean anail<\/li>\n<li>Sgriopt airson fois bodhaig<\/li>\n<li>Mothachas air a&#8217; bhl\u00e0r a-muigh<\/li>\n<li>Faclair &amp; Ceangalan<\/li>\n<\/ul>    <\/div>\n<\/div>\n<!-- \/module text -->        <\/div>\n                    <div  data-lazy=\"1\" class=\"module_column sub_column col3-1 tb_efuu967 last\">\n                    <!-- module buttons -->\n<div  class=\"module module-buttons tb_xja7967 buttons-horizontal solid  large buttons-fullwidth\" data-lazy=\"1\">\n        <div class=\"module-buttons-item tf_in_flx\">\n                        <a href=\"https:\/\/storlann.clickmeeting.com\/mothachas\/register\" class=\"ui builder_button tf_in_flx light-blue\" target=\"_blank\" rel=\"noopener\">\n                                    <em><svg  class=\"tf_fa tf-fas-chalkboard-teacher\" xmlns:xlink=\"http:\/\/www.w3.org\/1999\/xlink\" aria-hidden=\"true\"><use href=\"#tf-fas-chalkboard-teacher\" xlink:href=\"#tf-fas-chalkboard-teacher\"><\/use><\/svg><\/em>                                        Cl\u00e0radh                                        <\/a>\n                <\/div>\n            <\/div>\n<!-- \/module buttons -->\n<!-- module buttons -->\n<div  class=\"module module-buttons tb_iumh967 buttons-horizontal solid  large buttons-fullwidth\" data-lazy=\"1\">\n        <div class=\"module-buttons-item tf_in_flx\">\n                        <a href=\"https:\/\/gaelic.education\/mothachas\" class=\"ui builder_button tf_in_flx light-blue\" target=\"_blank\" rel=\"noopener\">\n                                    <em><svg  class=\"tf_fa tf-fas-brain\" xmlns:xlink=\"http:\/\/www.w3.org\/1999\/xlink\" aria-hidden=\"true\"><use href=\"#tf-fas-brain\" xlink:href=\"#tf-fas-brain\"><\/use><\/svg><\/em>                                        Goireasan Mothachais                                        <\/a>\n                <\/div>\n            <\/div>\n<!-- \/module buttons -->\n<!-- module buttons -->\n<div  class=\"module module-buttons tb_g18l967 buttons-horizontal solid  large buttons-fullwidth\" data-lazy=\"1\">\n        <div class=\"module-buttons-item tf_in_flx\">\n                        <a href=\"https:\/\/www.storlann.co.uk\/an-t-alltan\/wp-content\/uploads\/2021\/02\/Lorna-Taggart.pdf\" class=\"ui builder_button tf_in_flx light-purple\">\n                                    <em><svg  class=\"tf_fa tf-fas-user-circle\" xmlns:xlink=\"http:\/\/www.w3.org\/1999\/xlink\" aria-hidden=\"true\"><use href=\"#tf-fas-user-circle\" xlink:href=\"#tf-fas-user-circle\"><\/use><\/svg><\/em>                                        Eachdraidh-beatha                                        <\/a>\n                <\/div>\n            <\/div>\n<!-- \/module buttons -->\n<!-- module buttons -->\n<div  class=\"module module-buttons tb_bol3967 buttons-horizontal solid  large buttons-fullwidth\" data-lazy=\"1\">\n        <div class=\"module-buttons-item tf_in_flx\">\n                        <a href=\"https:\/\/form.jotform.com\/210183551693960\" class=\"ui builder_button tf_in_flx pink\" target=\"_blank\" rel=\"noopener\">\n                                    <em><svg  class=\"tf_fa tf-fab-wpforms\" xmlns:xlink=\"http:\/\/www.w3.org\/1999\/xlink\" aria-hidden=\"true\"><use href=\"#tf-fab-wpforms\" xlink:href=\"#tf-fab-wpforms\"><\/use><\/svg><\/em>                                        Measadh                                        <\/a>\n                <\/div>\n            <\/div>\n<!-- \/module buttons -->\n        <\/div>\n                    <\/div>\n                <\/div>\n                        <\/div>\n        <\/div>\n                        <div  data-lazy=\"1\" class=\"module_row themify_builder_row tb_njke533 tf_w\">\n                        <div class=\"row_inner col_align_top tb_col_count_1 tf_box tf_rel\">\n                        <div  data-lazy=\"1\" class=\"module_column tb-column col-full tb_fric101 first\">\n                            <div  data-lazy=\"1\" class=\"module_subrow themify_builder_sub_row tf_w col_align_top tb_col_count_1 tb_858q109\">\n                <div  data-lazy=\"1\" class=\"module_column sub_column col-full tb_kue0299 first\">\n                    <!-- module text -->\n<div  class=\"module module-text tb_jbp5202   \" data-lazy=\"1\">\n        <div  class=\"tb_text_wrap\">\n        <h2><span style=\"color: #ff9900;\">2 x<\/span> Sl\u00e0inte agus Sunnd do thidsearan GME aig \u00e0m Covid-19\u00a0<\/h2>\n<h3>Dr Raghnaid Fhriseal<\/h3>    <\/div>\n<\/div>\n<!-- \/module text -->        <\/div>\n                    <\/div>\n                <div  data-lazy=\"1\" class=\"module_subrow themify_builder_sub_row tf_w col_align_top tb_col_count_3 tb_jqft422\">\n                <div  data-lazy=\"1\" class=\"module_column sub_column col3-1 tb_p44n062 first\">\n                    <!-- module image -->\n<div  class=\"module module-image tb_iy2n602 image-center   tf_mw\" data-lazy=\"1\">\n        <div class=\"image-wrap tf_rel tf_mw\">\n            <img decoding=\"async\" data-src=\"https:\/\/www.storlann.co.uk\/an-t-alltan\/wp-content\/uploads\/2021\/02\/rachel-fraser-bloom-150x179.jpg\" width=\"150\" height=\"179\" class=\"wp-post-image wp-image-7933 lazyload\" title=\"rachel-fraser-bloom\" alt=\"Rachel Fraser\" data-srcset=\"https:\/\/www.storlann.co.uk\/an-t-alltan\/wp-content\/uploads\/2021\/02\/rachel-fraser-bloom-150x179.jpg 150w, https:\/\/www.storlann.co.uk\/an-t-alltan\/wp-content\/uploads\/2021\/02\/rachel-fraser-bloom.jpg 163w\" data-sizes=\"(max-width: 150px) 100vw, 150px\" src=\"data:image\/svg+xml;base64,PHN2ZyB3aWR0aD0iMSIgaGVpZ2h0PSIxIiB4bWxucz0iaHR0cDovL3d3dy53My5vcmcvMjAwMC9zdmciPjwvc3ZnPg==\" style=\"--smush-placeholder-width: 150px; --smush-placeholder-aspect-ratio: 150\/179;\" \/>    \n        <\/div>\n    <!-- \/image-wrap -->\n    \n        <\/div>\n<!-- \/module image -->        <\/div>\n                    <div  data-lazy=\"1\" class=\"module_column sub_column col3-1 tb_ukin990\">\n                    <!-- module text -->\n<div  class=\"module module-text tb_26g4620   \" data-lazy=\"1\">\n        <div  class=\"tb_text_wrap\">\n        <h2>Tachartasan Bhiortail (<span lang=\"gd\">Cl\u00e0raichte)<\/span><\/h2>    <\/div>\n<\/div>\n<!-- \/module text --><!-- module text -->\n<div  class=\"module module-text tb_agrp333   \" data-lazy=\"1\">\n        <div  class=\"tb_text_wrap\">\n        <ul>\n<li>D\u00e8 tha mu choinneamh sgoilearan?<\/li>\n<li>\n<p>M\u00ec-chinnt<\/p>\n<\/li>\n<li>Epistemic Trust<\/li>\n<li>Cothromachadh<\/li>\n<li>Ciamar a chuireas mi seo an gn\u00ecomh?<\/li>\n<li>Agus t\u00f2rr a bharrachd!<\/li>\n<\/ul>    <\/div>\n<\/div>\n<!-- \/module text -->        <\/div>\n                    <div  data-lazy=\"1\" class=\"module_column sub_column col3-1 tb_s175339 last\">\n                    <!-- module buttons -->\n<div  class=\"module module-buttons tb_rb5j356 buttons-horizontal solid  large buttons-fullwidth\" data-lazy=\"1\">\n        <div class=\"module-buttons-item tf_in_flx\">\n                        <a href=\"https:\/\/storlann.clickmeeting.com\/1-2-slainte-agus-sunnd-do-thidsearan-gme-aig-am-covid-19\" class=\"ui builder_button tf_in_flx light-blue\" target=\"_blank\" rel=\"noopener\">\n                                    <em><svg  class=\"tf_fa tf-fas-chalkboard-teacher\" xmlns:xlink=\"http:\/\/www.w3.org\/1999\/xlink\" aria-hidden=\"true\"><use href=\"#tf-fas-chalkboard-teacher\" xlink:href=\"#tf-fas-chalkboard-teacher\"><\/use><\/svg><\/em>                                        Cl\u00e0radh (1\/2)                                        <\/a>\n                <\/div>\n            <\/div>\n<!-- \/module buttons -->\n<!-- module buttons -->\n<div  class=\"module module-buttons tb_8y0m007 buttons-horizontal solid  large buttons-fullwidth\" data-lazy=\"1\">\n        <div class=\"module-buttons-item tf_in_flx\">\n                        <a href=\"https:\/\/storlann.clickmeeting.com\/2-2-slainte-agus-sunnd-do-thidsearan-gme-aig-am-covid-19\" class=\"ui builder_button tf_in_flx light-blue\" target=\"_blank\" rel=\"noopener\">\n                                    <em><svg  class=\"tf_fa tf-fas-chalkboard-teacher\" xmlns:xlink=\"http:\/\/www.w3.org\/1999\/xlink\" aria-hidden=\"true\"><use href=\"#tf-fas-chalkboard-teacher\" xlink:href=\"#tf-fas-chalkboard-teacher\"><\/use><\/svg><\/em>                                        Cl\u00e0radh (2\/2)                                        <\/a>\n                <\/div>\n            <\/div>\n<!-- \/module buttons -->\n<!-- module buttons -->\n<div  class=\"module module-buttons tb_xs9z839 buttons-horizontal solid  large buttons-fullwidth\" data-lazy=\"1\">\n        <div class=\"module-buttons-item tf_in_flx\">\n                        <a href=\"https:\/\/www.storlann.co.uk\/an-t-alltan\/wp-content\/uploads\/2021\/02\/RACHEL-FRASER-WELLBEING1.pptx\" class=\"ui builder_button tf_in_flx light-blue\">\n                                    <em><svg  class=\"tf_fa tf-fas-file-powerpoint\" xmlns:xlink=\"http:\/\/www.w3.org\/1999\/xlink\" aria-hidden=\"true\"><use href=\"#tf-fas-file-powerpoint\" xlink:href=\"#tf-fas-file-powerpoint\"><\/use><\/svg><\/em>                                        Taisbeanadh (1\/2)                                        <\/a>\n                <\/div>\n            <\/div>\n<!-- \/module buttons -->\n<!-- module buttons -->\n<div  class=\"module module-buttons tb_smnw990 buttons-horizontal solid  large buttons-fullwidth\" data-lazy=\"1\">\n        <div class=\"module-buttons-item tf_in_flx\">\n                        <a href=\"https:\/\/www.storlann.co.uk\/an-t-alltan\/wp-content\/uploads\/2021\/02\/RACHEL-FRASER-WELLBEING2.pptx\" class=\"ui builder_button tf_in_flx light-blue\">\n                                    <em><svg  class=\"tf_fa tf-fas-file-powerpoint\" xmlns:xlink=\"http:\/\/www.w3.org\/1999\/xlink\" aria-hidden=\"true\"><use href=\"#tf-fas-file-powerpoint\" xlink:href=\"#tf-fas-file-powerpoint\"><\/use><\/svg><\/em>                                        Taisbeanadh (2\/2)                                        <\/a>\n                <\/div>\n            <\/div>\n<!-- \/module buttons -->\n<!-- module buttons -->\n<div  class=\"module module-buttons tb_307f092 buttons-horizontal solid  large buttons-fullwidth\" data-lazy=\"1\">\n        <div class=\"module-buttons-item tf_in_flx\">\n                        <a href=\"https:\/\/www.storlann.co.uk\/an-t-alltan\/wp-content\/uploads\/2021\/02\/Rachel-Fraser-Biography-An-t-Alltan.pdf\" class=\"ui builder_button tf_in_flx light-purple\">\n                                    <em><svg  class=\"tf_fa tf-fas-user-circle\" xmlns:xlink=\"http:\/\/www.w3.org\/1999\/xlink\" aria-hidden=\"true\"><use href=\"#tf-fas-user-circle\" xlink:href=\"#tf-fas-user-circle\"><\/use><\/svg><\/em>                                        Eachdraidh-beatha                                        <\/a>\n                <\/div>\n            <\/div>\n<!-- \/module buttons -->\n<!-- module buttons -->\n<div  class=\"module module-buttons tb_vi83936 buttons-horizontal solid  large buttons-fullwidth\" data-lazy=\"1\">\n        <div class=\"module-buttons-item tf_in_flx\">\n                        <a href=\"https:\/\/www.storlann.co.uk\/an-t-alltan\/wp-content\/uploads\/2021\/02\/Rachel-Fraser-Biography-An-t-Alltan.pdf\" class=\"ui builder_button tf_in_flx light-purple\">\n                                    <em><svg  class=\"tf_fa tf-fas-user-circle\" xmlns:xlink=\"http:\/\/www.w3.org\/1999\/xlink\" aria-hidden=\"true\"><use href=\"#tf-fas-user-circle\" xlink:href=\"#tf-fas-user-circle\"><\/use><\/svg><\/em>                                        Eachdraidh-beatha                                        <\/a>\n                <\/div>\n            <\/div>\n<!-- \/module buttons -->\n<!-- module buttons -->\n<div  class=\"module module-buttons tb_wayp093 buttons-horizontal solid  large buttons-fullwidth\" data-lazy=\"1\">\n        <div class=\"module-buttons-item tf_in_flx\">\n                        <a href=\"https:\/\/form.jotform.com\/210183551693960\" class=\"ui builder_button tf_in_flx pink\" target=\"_blank\" rel=\"noopener\">\n                                    <em><svg  class=\"tf_fa tf-fab-wpforms\" xmlns:xlink=\"http:\/\/www.w3.org\/1999\/xlink\" aria-hidden=\"true\"><use href=\"#tf-fab-wpforms\" xlink:href=\"#tf-fab-wpforms\"><\/use><\/svg><\/em>                                        Measadh                                        <\/a>\n                <\/div>\n            <\/div>\n<!-- \/module buttons -->\n        <\/div>\n                    <\/div>\n                <\/div>\n                        <\/div>\n        <\/div>\n                        <div  data-lazy=\"1\" class=\"module_row themify_builder_row tb_m3rp024 tf_w\">\n                        <div class=\"row_inner col_align_top tb_col_count_3 tf_box tf_rel\">\n                        <div  data-lazy=\"1\" class=\"module_column tb-column col3-1 tb_a9va426 first\">\n                    <!-- module image -->\n<div  class=\"module module-image tb_sow5625 image-center   tf_mw wow\" data-tf-animation=\"fadeInLeft\" data-lazy=\"1\">\n        <div class=\"image-wrap tf_rel tf_mw\">\n            <a href=\"http:\/\/www.gov.scot\" target=\"_blank\" rel=\"noopener\">\n                   <img decoding=\"async\" data-src=\"https:\/\/www.storlann.co.uk\/an-t-alltan\/wp-content\/uploads\/2020\/11\/scottish-government-logo-vector1.svg\" width=\"200\" alt=\"Riaghaltas na h-Alba - Scottish Government\" src=\"data:image\/svg+xml;base64,PHN2ZyB3aWR0aD0iMSIgaGVpZ2h0PSIxIiB4bWxucz0iaHR0cDovL3d3dy53My5vcmcvMjAwMC9zdmciPjwvc3ZnPg==\" class=\"lazyload\">        <\/a>\n    \n        <\/div>\n    <!-- \/image-wrap -->\n    \n        <\/div>\n<!-- \/module image -->        <\/div>\n                    <div  data-lazy=\"1\" class=\"module_column tb-column col3-1 tb_du2j356\">\n                    <!-- module image -->\n<div  class=\"module module-image tb_oa3g530 image-center   tf_mw wow\" data-tf-animation=\"fadeInUp\" data-lazy=\"1\">\n        <div class=\"image-wrap tf_rel tf_mw\">\n            <a href=\"http:\/\/www.storlann.co.uk\">\n                   <img decoding=\"async\" width=\"394\" height=\"118\" data-src=\"https:\/\/www.storlann.co.uk\/an-t-alltan\/wp-content\/uploads\/2015\/06\/storlann-logo-flat-colour.png\" class=\"wp-post-image wp-image-2401 lazyload\" title=\"storlann-logo-flat-colour\" alt=\"St\u00f2rlann N\u00e0iseanta na G\u00e0idhlig\" data-srcset=\"https:\/\/www.storlann.co.uk\/an-t-alltan\/wp-content\/uploads\/2015\/06\/storlann-logo-flat-colour.png 394w, https:\/\/www.storlann.co.uk\/an-t-alltan\/wp-content\/uploads\/2015\/06\/storlann-logo-flat-colour-300x90.png 300w, https:\/\/www.storlann.co.uk\/an-t-alltan\/wp-content\/uploads\/2015\/06\/storlann-logo-flat-colour-200x60.png 200w, https:\/\/www.storlann.co.uk\/an-t-alltan\/wp-content\/uploads\/2015\/06\/storlann-logo-flat-colour-320x96.png 320w, https:\/\/www.storlann.co.uk\/an-t-alltan\/wp-content\/uploads\/2015\/06\/storlann-logo-flat-colour-175x52.png 175w, https:\/\/www.storlann.co.uk\/an-t-alltan\/wp-content\/uploads\/2015\/06\/storlann-logo-flat-colour-250x74.png 250w\" data-sizes=\"(max-width: 394px) 100vw, 394px\" src=\"data:image\/svg+xml;base64,PHN2ZyB3aWR0aD0iMSIgaGVpZ2h0PSIxIiB4bWxucz0iaHR0cDovL3d3dy53My5vcmcvMjAwMC9zdmciPjwvc3ZnPg==\" style=\"--smush-placeholder-width: 394px; --smush-placeholder-aspect-ratio: 394\/118;\" \/>        <\/a>\n    \n        <\/div>\n    <!-- \/image-wrap -->\n    \n        <\/div>\n<!-- \/module image -->        <\/div>\n                    <div  data-lazy=\"1\" class=\"module_column tb-column col3-1 tb_m97c693 last\">\n                    <!-- module image -->\n<div  class=\"module module-image tb_bake500 image-center   tf_mw wow\" data-tf-animation=\"fadeInRight\" data-lazy=\"1\">\n        <div class=\"image-wrap tf_rel tf_mw\">\n            <a href=\"http:\/\/www.gaidhlig.org.uk\" target=\"_blank\" rel=\"noopener\">\n                   <img decoding=\"async\" data-src=\"https:\/\/www.storlann.co.uk\/an-t-alltan\/wp-content\/uploads\/2020\/11\/bord-na-gaidhlig-logo-2020-150x62.png\" width=\"150\" height=\"62\" class=\"wp-post-image wp-image-7662 lazyload\" title=\"bord-na-gaidhlig-logo-2020\" alt=\"B\u00f2rd na G\u00e0idhlig Logo\" data-srcset=\"https:\/\/www.storlann.co.uk\/an-t-alltan\/wp-content\/uploads\/2020\/11\/bord-na-gaidhlig-logo-2020-150x62.png 150w, https:\/\/www.storlann.co.uk\/an-t-alltan\/wp-content\/uploads\/2020\/11\/bord-na-gaidhlig-logo-2020-300x126.png 300w, https:\/\/www.storlann.co.uk\/an-t-alltan\/wp-content\/uploads\/2020\/11\/bord-na-gaidhlig-logo-2020.png 362w\" data-sizes=\"(max-width: 150px) 100vw, 150px\" src=\"data:image\/svg+xml;base64,PHN2ZyB3aWR0aD0iMSIgaGVpZ2h0PSIxIiB4bWxucz0iaHR0cDovL3d3dy53My5vcmcvMjAwMC9zdmciPjwvc3ZnPg==\" style=\"--smush-placeholder-width: 150px; --smush-placeholder-aspect-ratio: 150\/62;\" \/>        <\/a>\n    \n        <\/div>\n    <!-- \/image-wrap -->\n    \n        <\/div>\n<!-- \/module image -->        <\/div>\n                        <\/div>\n        <\/div>\n        <\/div>\n<!--\/themify_builder_content-->","protected":false},"excerpt":{"rendered":"<p>Tachartasan Be\u00f2 Bun-sgoil &amp; \u00c0rd-sgoil An t-Alltan &#8211; Bhidiothan (Vimeo) Dearbhadh C\u00e0ileachd agus Tragadh Marina NicLe\u00f2id Tachartas Bhiortail (Cl\u00e0raichte) Amas an t-seisein M\u00f2r-sheallladh a thoirt air mar a bhios sinn a&#8217; tragadh teagasg agus ionnsachadh anns an sgoil againn. Bhidio Measadh Mothachas Lorna Nic an t-Sagairt Tachartas Bhiortail (Cl\u00e0raichte) Mothachas anns a&#8217; chlas Eacarsaichean anail [&hellip;]<\/p>\n","protected":false},"author":1,"featured_media":0,"parent":0,"menu_order":0,"comment_status":"closed","ping_status":"closed","template":"","meta":{"footnotes":""},"class_list":["post-8553","page","type-page","status-publish","hentry","has-post-title","has-post-date","has-post-category","has-post-tag","has-post-comment","has-post-author",""],"_links":{"self":[{"href":"https:\/\/www.storlann.co.uk\/an-t-alltan\/wp-json\/wp\/v2\/pages\/8553","targetHints":{"allow":["GET"]}}],"collection":[{"href":"https:\/\/www.storlann.co.uk\/an-t-alltan\/wp-json\/wp\/v2\/pages"}],"about":[{"href":"https:\/\/www.storlann.co.uk\/an-t-alltan\/wp-json\/wp\/v2\/types\/page"}],"author":[{"embeddable":true,"href":"https:\/\/www.storlann.co.uk\/an-t-alltan\/wp-json\/wp\/v2\/users\/1"}],"replies":[{"embeddable":true,"href":"https:\/\/www.storlann.co.uk\/an-t-alltan\/wp-json\/wp\/v2\/comments?post=8553"}],"version-history":[{"count":5,"href":"https:\/\/www.storlann.co.uk\/an-t-alltan\/wp-json\/wp\/v2\/pages\/8553\/revisions"}],"predecessor-version":[{"id":9069,"href":"https:\/\/www.storlann.co.uk\/an-t-alltan\/wp-json\/wp\/v2\/pages\/8553\/revisions\/9069"}],"wp:attachment":[{"href":"https:\/\/www.storlann.co.uk\/an-t-alltan\/wp-json\/wp\/v2\/media?parent=8553"}],"curies":[{"name":"wp","href":"https:\/\/api.w.org\/{rel}","templated":true}]}}